{"id":17,"date":"2023-11-27T14:38:07","date_gmt":"2023-11-27T13:38:07","guid":{"rendered":"https:\/\/latelierdemalauzat.fr\/?page_id=17"},"modified":"2026-08-18T14:49:20","modified_gmt":"2026-08-18T12:49:20","slug":"accueil","status":"publish","type":"page","link":"https:\/\/latelierdemalauzat.fr\/","title":{"rendered":"C&rsquo;est la rentr\u00e9e au FabLab !"},"content":{"rendered":"<div class=\"wp-block-image\">\n<figure class=\"aligncenter size-large is-resized\"><img loading=\"lazy\" decoding=\"async\" width=\"1024\" height=\"683\" src=\"https:\/\/latelierdemalauzat.fr\/wp-content\/uploads\/2026\/08\/IMG_3455-1024x683.jpg\" alt=\"Atelier FabLab interg\u00e9n\u00e9rationnel avec des jeunes et des seniors dans le Puy-de-D\u00f4me\" class=\"wp-image-1480\" style=\"width:433px;height:auto\" srcset=\"https:\/\/latelierdemalauzat.fr\/wp-content\/uploads\/2026\/08\/IMG_3455-1024x683.jpg 1024w, https:\/\/latelierdemalauzat.fr\/wp-content\/uploads\/2026\/08\/IMG_3455-300x200.jpg 300w, https:\/\/latelierdemalauzat.fr\/wp-content\/uploads\/2026\/08\/IMG_3455-768x512.jpg 768w, https:\/\/latelierdemalauzat.fr\/wp-content\/uploads\/2026\/08\/IMG_3455-1536x1024.jpg 1536w, https:\/\/latelierdemalauzat.fr\/wp-content\/uploads\/2026\/08\/IMG_3455-660x440.jpg 660w, https:\/\/latelierdemalauzat.fr\/wp-content\/uploads\/2026\/08\/IMG_3455.jpg 2048w\" sizes=\"auto, (max-width: 1024px) 100vw, 1024px\" \/><\/figure>\n<\/div>\n\n\n<p class=\"wp-block-paragraph\"><\/p>\n\n\n\n<p class=\"wp-block-paragraph\">Apr\u00e8s la pause estivale, les activit\u00e9s du <strong>FabLab dans le Puy-de-D\u00f4me<\/strong> reprennent ! L&rsquo;Atelier de Malauzat repart sur les routes avec de nouveaux projets autour de la fabrication num\u00e9rique, de la r\u00e9paration et de la d\u00e9couverte des technologies.<\/p>\n\n\n\n<p class=\"wp-block-paragraph\">Impression 3D, d\u00e9coupe laser, \u00e9lectronique, programmation, bricolage et Repair Caf\u00e9 : les machines reprennent du service pour une nouvelle saison.<\/p>\n\n\n\n<h2 class=\"wp-block-heading\">\ud83d\udd27 Les activit\u00e9s FabLab reprennent dans le Puy-de-D\u00f4me<\/h2>\n\n\n\n<p class=\"wp-block-paragraph\">Cette rentr\u00e9e sera une nouvelle fois plac\u00e9e sous le signe du <strong>faire soi-m\u00eame et du faire ensemble<\/strong>.<\/p>\n\n\n\n<p class=\"wp-block-paragraph\">L&rsquo;Atelier de Malauzat intervient aupr\u00e8s des collectivit\u00e9s, associations, m\u00e9diath\u00e8ques, structures jeunesse et acteurs locaux pour proposer des animations autour de la fabrication num\u00e9rique.<\/p>\n\n\n\n<p class=\"wp-block-paragraph\">Gr\u00e2ce au FabLab mobile, une partie des machines et du mat\u00e9riel peut \u00eatre install\u00e9e directement dans les structures : imprimantes 3D, d\u00e9coupe laser, \u00e9lectronique, ordinateurs et outillage.<\/p>\n\n\n\n<p class=\"wp-block-paragraph\">L&rsquo;objectif reste le m\u00eame : rendre ces technologies accessibles en permettant \u00e0 chacun de <strong>manipuler, exp\u00e9rimenter et fabriquer<\/strong>.<\/p>\n\n\n\n<h2 class=\"wp-block-heading\">\ud83c\udfc6 Nouveaut\u00e9 : une semaine de stage FabLab pour les jeunes<\/h2>\n\n\n\n<p class=\"wp-block-paragraph\">Apr\u00e8s un an de travail et d&rsquo;exp\u00e9rimentations avec diff\u00e9rentes structures jeunesse, notre formule de <strong>stage FabLab en centre de loisirs<\/strong> et au <a href=\"https:\/\/makersdesmontagnes.eu\/\" title=\"\">makers des montagnes <\/a>continue d&rsquo;\u00e9voluer.<\/p>\n\n\n\n<p class=\"wp-block-paragraph\">Pendant cinq jours, les jeunes deviennent de v\u00e9ritables makers.<\/p>\n\n\n\n<p class=\"wp-block-paragraph\">Ils imaginent, fabriquent, testent et rel\u00e8vent diff\u00e9rents d\u00e9fis autour de l&rsquo;impression 3D, du laser, de l&rsquo;\u00e9lectronique, de la programmation et du r\u00e9emploi.<\/p>\n\n\n\n<p class=\"wp-block-paragraph\">\ud83d\udc49 <strong>[D\u00e9couvrir notre stage FabLab en centre de loisirs]<\/strong><\/p>\n\n\n\n<h2 class=\"wp-block-heading\">\u267b\ufe0f R\u00e9paration et Repair Caf\u00e9<\/h2>\n\n\n\n<p class=\"wp-block-paragraph\">La rentr\u00e9e marque \u00e9galement la reprise des actions autour de la <strong>r\u00e9paration et du r\u00e9emploi<\/strong>.<\/p>\n\n\n\n<p class=\"wp-block-paragraph\">Les Repair Caf\u00e9s permettent de d\u00e9couvrir comment diagnostiquer une panne, d\u00e9monter un appareil et tenter de prolonger sa dur\u00e9e de vie plut\u00f4t que de le jeter.<\/p>\n\n\n\n<p class=\"wp-block-paragraph\">Ces rendez-vous sont aussi des moments de rencontre et de transmission des savoir-faire.<\/p>\n\n\n\n<h2 class=\"wp-block-heading\">\ud83d\udcbb Le num\u00e9rique accessible \u00e0 tous<\/h2>\n\n\n\n<p class=\"wp-block-paragraph\">Nous poursuivons \u00e9galement nos actions de <strong>m\u00e9diation num\u00e9rique aupr\u00e8s des personnes \u00e2g\u00e9es<\/strong>, en partenariat avec le <strong><a href=\"https:\/\/clic-riom.fr\/\" title=\"\">CLIC<\/a><\/strong> et <strong><a href=\"https:\/\/www.mednum63.fr\/\">MedNum63<\/a><\/strong>. \u00c0 travers des ateliers conviviaux et accessibles, nous accompagnons les participants dans leurs usages du quotidien : smartphone, tablette, ordinateur, d\u00e9marches en ligne ou encore d\u00e9couverte des nouveaux outils num\u00e9riques. L&rsquo;objectif est de <strong>gagner en autonomie et en confiance<\/strong>, tout en prenant le temps de r\u00e9pondre aux questions de chacun, sans jargon et au rythme des participants.<\/p>\n\n\n\n<h2 class=\"wp-block-heading\">\ud83d\ude90 Un FabLab qui vient \u00e0 votre rencontre<\/h2>\n\n\n\n<p class=\"wp-block-paragraph\">Ateliers, stages jeunesse, Repair Caf\u00e9s ou projets de fabrication : le <strong>FabLab mobile intervient dans le Puy-de-D\u00f4me<\/strong> pour construire des animations adapt\u00e9es aux diff\u00e9rents publics.<\/p>\n\n\n\n<p class=\"wp-block-paragraph\">Vous \u00eates une collectivit\u00e9, une association, une m\u00e9diath\u00e8que ou une structure jeunesse ?<\/p>\n\n\n\n<h3 class=\"wp-block-heading\">Construisons ensemble votre prochain projet.<\/h3>\n\n\n\n<p class=\"wp-block-paragraph\"><\/p>\n\n\n\n<p class=\"wp-block-paragraph\">\ud83d\udce9 <a href=\"https:\/\/latelierdemalauzat.fr\/index.php\/contact\/\" title=\"\">Contactez-nous d\u00e8s maintenant<\/a> pour programmer un atelier, r\u00e9server une formation ou simplement en savoir plus sur notre communaut\u00e9 !<\/p>\n\n\n\n<ul class=\"wp-block-social-links is-layout-flex wp-block-social-links-is-layout-flex\"><\/ul>\n","protected":false},"excerpt":{"rendered":"<p>Apr\u00e8s la pause estivale, les activit\u00e9s du FabLab dans le Puy-de-D\u00f4me reprennent ! L&rsquo;Atelier de Malauzat repart sur les routes avec de nouveaux projets autour de la fabrication num\u00e9rique, de\u2026 <span class=\"read-more\"><a href=\"https:\/\/latelierdemalauzat.fr\/\">Read More &raquo;<\/a><\/span><\/p>\n","protected":false},"author":1,"featured_media":0,"parent":0,"menu_order":0,"comment_status":"closed","ping_status":"closed","template":"","meta":{"_monsterinsights_skip_tracking":false,"_EventAllDay":false,"_EventTimezone":"","_EventStartDate":"","_EventEndDate":"","_EventStartDateUTC":"","_EventEndDateUTC":"","_EventShowMap":false,"_EventShowMapLink":false,"_EventURL":"","_EventCost":"","_EventCostDescription":"","_EventCurrencySymbol":"","_EventCurrencyCode":"","_EventCurrencyPosition":"","_EventDateTimeSeparator":"","_EventTimeRangeSeparator":"","_EventOrganizerID":[],"_EventVenueID":[],"_OrganizerEmail":"","_OrganizerPhone":"","_OrganizerWebsite":"","_VenueAddress":"","_VenueCity":"","_VenueCountry":"","_VenueProvince":"","_VenueState":"","_VenueZip":"","_VenuePhone":"","_VenueURL":"","_VenueStateProvince":"","_VenueLat":"","_VenueLng":"","_VenueShowMap":false,"_VenueShowMapLink":false,"footnotes":""},"class_list":["post-17","page","type-page","status-publish","hentry"],"aioseo_notices":[],"aioseo_head":"\n\t\t<!-- All in One SEO 5.0.1.1 - aioseo.com -->\n\t<meta name=\"description\" content=\"FabLab mobile, ateliers cr\u00e9atifs, stages jeunes, repair caf\u00e9s et formations pros dans le Puy-de-D\u00f4me. D\u00e9couvrez nos actions en 2025\u20132026 !\" \/>\n\t<meta name=\"robots\" content=\"max-image-preview:large\" \/>\n\t<meta name=\"google-site-verification\" content=\"22sFc7FqcT_Lw8Wfgp-b436mwXTVaWTqDnWD91Bu_LY\" \/>\n\t<link rel=\"canonical\" href=\"https:\/\/latelierdemalauzat.fr\/\" \/>\n\t<meta name=\"generator\" content=\"All in One SEO (AIOSEO) 5.0.1.1\" \/>\n\t\t<meta property=\"og:locale\" content=\"fr_FR\" \/>\n\t\t<meta property=\"og:site_name\" content=\"L&#039; Atelier de Malauzat - Un atelier de loisir num\u00e9rique et technologique\" \/>\n\t\t<meta property=\"og:type\" content=\"article\" \/>\n\t\t<meta property=\"og:title\" content=\"Un atelier de loisir num\u00e9riques et technologique\" \/>\n\t\t<meta property=\"og:description\" content=\"FabLab mobile, ateliers cr\u00e9atifs, stages jeunes, repair caf\u00e9s et formations pros dans le Puy-de-D\u00f4me. D\u00e9couvrez nos actions en 2025\u20132026 !\" \/>\n\t\t<meta property=\"og:url\" content=\"https:\/\/latelierdemalauzat.fr\/\" \/>\n\t\t<meta property=\"article:published_time\" content=\"2023-11-27T13:38:07+00:00\" \/>\n\t\t<meta property=\"article:modified_time\" content=\"2026-08-18T12:49:20+00:00\" \/>\n\t\t<meta property=\"article:publisher\" content=\"https:\/\/www.facebook.com\/latelierdemalauzat\" \/>\n\t\t<meta name=\"twitter:card\" content=\"summary_large_image\" \/>\n\t\t<meta name=\"twitter:title\" content=\"Un atelier de loisir num\u00e9riques et technologique\" \/>\n\t\t<meta name=\"twitter:description\" content=\"FabLab mobile, ateliers cr\u00e9atifs, stages jeunes, repair caf\u00e9s et formations pros dans le Puy-de-D\u00f4me. D\u00e9couvrez nos actions en 2025\u20132026 !\" \/>\n\t\t<script type=\"application\/ld+json\" class=\"aioseo-schema\">\n\t\t\t{\"@context\":\"https:\\\/\\\/schema.org\",\"@graph\":[{\"@type\":\"BreadcrumbList\",\"@id\":\"https:\\\/\\\/latelierdemalauzat.fr\\\/#breadcrumblist\",\"itemListElement\":[{\"@type\":\"ListItem\",\"@id\":\"https:\\\/\\\/latelierdemalauzat.fr#listItem\",\"position\":1,\"name\":\"Domicile\",\"item\":\"https:\\\/\\\/latelierdemalauzat.fr\",\"nextItem\":{\"@type\":\"ListItem\",\"@id\":\"https:\\\/\\\/latelierdemalauzat.fr\\\/#listItem\",\"name\":\"C&rsquo;est la rentr\\u00e9e au FabLab !\"}},{\"@type\":\"ListItem\",\"@id\":\"https:\\\/\\\/latelierdemalauzat.fr\\\/#listItem\",\"position\":2,\"name\":\"C&rsquo;est la rentr\\u00e9e au FabLab !\",\"previousItem\":{\"@type\":\"ListItem\",\"@id\":\"https:\\\/\\\/latelierdemalauzat.fr#listItem\",\"name\":\"Domicile\"}}]},{\"@type\":\"Organization\",\"@id\":\"https:\\\/\\\/latelierdemalauzat.fr\\\/#organization\",\"name\":\"L'atelier de malauzat\",\"description\":\"Un atelier de loisir num\\u00e9rique et technologique\",\"url\":\"https:\\\/\\\/latelierdemalauzat.fr\\\/\",\"email\":\"contact@latelierdemalauzat.fr\",\"telephone\":\"+33625287278\",\"logo\":{\"@type\":\"ImageObject\",\"url\":\"https:\\\/\\\/latelierdemalauzat.fr\\\/wp-content\\\/uploads\\\/2024\\\/06\\\/logosite112x112.webp\",\"@id\":\"https:\\\/\\\/latelierdemalauzat.fr\\\/#organizationLogo\",\"width\":112,\"height\":112},\"image\":{\"@id\":\"https:\\\/\\\/latelierdemalauzat.fr\\\/#organizationLogo\"},\"sameAs\":[\"https:\\\/\\\/www.facebook.com\\\/latelierdemalauzat\",\"https:\\\/\\\/www.instagram.com\\\/l_atelier_de_malauzat\\\/\",\"https:\\\/\\\/www.linkedin.com\\\/company\\\/101481000\"]},{\"@type\":\"WebPage\",\"@id\":\"https:\\\/\\\/latelierdemalauzat.fr\\\/#webpage\",\"url\":\"https:\\\/\\\/latelierdemalauzat.fr\\\/\",\"name\":\"Un atelier de loisir num\\u00e9riques et technologique\",\"description\":\"FabLab mobile, ateliers cr\\u00e9atifs, stages jeunes, repair caf\\u00e9s et formations pros dans le Puy-de-D\\u00f4me. D\\u00e9couvrez nos actions en 2025\\u20132026 !\",\"inLanguage\":\"fr-FR\",\"isPartOf\":{\"@id\":\"https:\\\/\\\/latelierdemalauzat.fr\\\/#website\"},\"breadcrumb\":{\"@id\":\"https:\\\/\\\/latelierdemalauzat.fr\\\/#breadcrumblist\"},\"datePublished\":\"2023-11-27T14:38:07+01:00\",\"dateModified\":\"2026-08-18T14:49:20+02:00\"},{\"@type\":\"WebSite\",\"@id\":\"https:\\\/\\\/latelierdemalauzat.fr\\\/#website\",\"url\":\"https:\\\/\\\/latelierdemalauzat.fr\\\/\",\"name\":\"L'atelier de malauzat\",\"description\":\"Un atelier de loisir num\\u00e9rique et technologique\",\"inLanguage\":\"fr-FR\",\"publisher\":{\"@id\":\"https:\\\/\\\/latelierdemalauzat.fr\\\/#organization\"}}]}\n\t\t<\/script>\n\t\t<!-- All in One SEO -->\n\n","aioseo_head_json":{"title":"Un atelier de loisir num\u00e9riques et technologique","description":"FabLab mobile, ateliers cr\u00e9atifs, stages jeunes, repair caf\u00e9s et formations pros dans le Puy-de-D\u00f4me. D\u00e9couvrez nos actions en 2025\u20132026 !","canonical_url":"https:\/\/latelierdemalauzat.fr\/","robots":"max-image-preview:large","keywords":"","webmasterTools":{"google-site-verification":"22sFc7FqcT_Lw8Wfgp-b436mwXTVaWTqDnWD91Bu_LY","miscellaneous":""},"schema":{"@context":"https:\/\/schema.org","@graph":[{"@type":"BreadcrumbList","@id":"https:\/\/latelierdemalauzat.fr\/#breadcrumblist","itemListElement":[{"@type":"ListItem","@id":"https:\/\/latelierdemalauzat.fr#listItem","position":1,"name":"Domicile","item":"https:\/\/latelierdemalauzat.fr","nextItem":{"@type":"ListItem","@id":"https:\/\/latelierdemalauzat.fr\/#listItem","name":"C&rsquo;est la rentr\u00e9e au FabLab !"}},{"@type":"ListItem","@id":"https:\/\/latelierdemalauzat.fr\/#listItem","position":2,"name":"C&rsquo;est la rentr\u00e9e au FabLab !","previousItem":{"@type":"ListItem","@id":"https:\/\/latelierdemalauzat.fr#listItem","name":"Domicile"}}]},{"@type":"Organization","@id":"https:\/\/latelierdemalauzat.fr\/#organization","name":"L'atelier de malauzat","description":"Un atelier de loisir num\u00e9rique et technologique","url":"https:\/\/latelierdemalauzat.fr\/","email":"contact@latelierdemalauzat.fr","telephone":"+33625287278","logo":{"@type":"ImageObject","url":"https:\/\/latelierdemalauzat.fr\/wp-content\/uploads\/2024\/06\/logosite112x112.webp","@id":"https:\/\/latelierdemalauzat.fr\/#organizationLogo","width":112,"height":112},"image":{"@id":"https:\/\/latelierdemalauzat.fr\/#organizationLogo"},"sameAs":["https:\/\/www.facebook.com\/latelierdemalauzat","https:\/\/www.instagram.com\/l_atelier_de_malauzat\/","https:\/\/www.linkedin.com\/company\/101481000"]},{"@type":"WebPage","@id":"https:\/\/latelierdemalauzat.fr\/#webpage","url":"https:\/\/latelierdemalauzat.fr\/","name":"Un atelier de loisir num\u00e9riques et technologique","description":"FabLab mobile, ateliers cr\u00e9atifs, stages jeunes, repair caf\u00e9s et formations pros dans le Puy-de-D\u00f4me. D\u00e9couvrez nos actions en 2025\u20132026 !","inLanguage":"fr-FR","isPartOf":{"@id":"https:\/\/latelierdemalauzat.fr\/#website"},"breadcrumb":{"@id":"https:\/\/latelierdemalauzat.fr\/#breadcrumblist"},"datePublished":"2023-11-27T14:38:07+01:00","dateModified":"2026-08-18T14:49:20+02:00"},{"@type":"WebSite","@id":"https:\/\/latelierdemalauzat.fr\/#website","url":"https:\/\/latelierdemalauzat.fr\/","name":"L'atelier de malauzat","description":"Un atelier de loisir num\u00e9rique et technologique","inLanguage":"fr-FR","publisher":{"@id":"https:\/\/latelierdemalauzat.fr\/#organization"}}]},"og:locale":"fr_FR","og:site_name":"L' Atelier de Malauzat - Un atelier de loisir num\u00e9rique et technologique","og:type":"article","og:title":"Un atelier de loisir num\u00e9riques et technologique","og:description":"FabLab mobile, ateliers cr\u00e9atifs, stages jeunes, repair caf\u00e9s et formations pros dans le Puy-de-D\u00f4me. D\u00e9couvrez nos actions en 2025\u20132026 !","og:url":"https:\/\/latelierdemalauzat.fr\/","article:published_time":"2023-11-27T13:38:07+00:00","article:modified_time":"2026-08-18T12:49:20+00:00","article:publisher":"https:\/\/www.facebook.com\/latelierdemalauzat","twitter:card":"summary_large_image","twitter:title":"Un atelier de loisir num\u00e9riques et technologique","twitter:description":"FabLab mobile, ateliers cr\u00e9atifs, stages jeunes, repair caf\u00e9s et formations pros dans le Puy-de-D\u00f4me. D\u00e9couvrez nos actions en 2025\u20132026 !"},"aioseo_meta_data":{"post_id":"17","title":"Un atelier de loisir num\u00e9riques et technologique","description":"FabLab mobile, ateliers cr\u00e9atifs, stages jeunes, repair caf\u00e9s et formations pros dans le Puy-de-D\u00f4me. D\u00e9couvrez nos actions en 2025\u20132026 !","keywords":null,"keyphrases":{"focus":{"keyphrase":"FabLab Puy-de-D\u00f4me","score":0,"analysis":[]},"additional":[]},"primary_term":null,"canonical_url":null,"og_title":null,"og_description":null,"og_object_type":"default","og_image_type":"default","og_image_url":null,"og_image_width":null,"og_image_height":null,"og_image_custom_url":null,"og_image_custom_fields":null,"og_video":"","og_custom_url":null,"og_article_section":null,"og_article_tags":null,"twitter_use_og":false,"twitter_card":"default","twitter_image_type":"default","twitter_image_url":null,"twitter_image_custom_url":null,"twitter_image_custom_fields":null,"twitter_title":null,"twitter_description":null,"schema":{"blockGraphs":[],"customGraphs":[],"default":{"data":{"Article":[],"Course":[],"Dataset":[],"FAQPage":[],"Movie":[],"Person":[],"Product":[],"ProductReview":[],"Car":[],"Recipe":[],"Service":[],"SoftwareApplication":[],"WebPage":[]},"graphName":"WebPage","isEnabled":true},"graphs":[]},"schema_type":"default","schema_type_options":null,"pillar_content":false,"robots_default":true,"robots_noindex":false,"robots_noarchive":false,"robots_nosnippet":false,"robots_nofollow":false,"robots_noimageindex":false,"robots_noodp":false,"robots_notranslate":false,"robots_max_snippet":"-1","robots_max_videopreview":"-1","robots_max_imagepreview":"large","priority":null,"frequency":"default","local_seo":null,"breadcrumb_settings":null,"limit_modified_date":false,"ai":{"faqs":[],"keyPoints":[],"schemas":[],"titles":[],"descriptions":[],"socialPosts":{"email":{"subject":"","preview":"","content":""},"linkedin":[],"twitter":[],"facebook":[],"instagram":[]}},"created":"2024-01-04 20:35:21","updated":"2026-08-18 13:01:35","seo_analyzer_scan_date":null,"focus_keyword":"FabLab Puy-de-D\u00f4me","additional_keywords":null,"truseo_locale":null},"aioseo_breadcrumb":"<div class=\"aioseo-breadcrumbs\"><span class=\"aioseo-breadcrumb\">\n\t\t\t<a href=\"https:\/\/latelierdemalauzat.fr\" title=\"Domicile\">Domicile<\/a>\n\t\t<\/span><span class=\"aioseo-breadcrumb-separator\">&raquo;<\/span><span class=\"aioseo-breadcrumb\">\n\t\t\tC\u2019est la rentr\u00e9e au FabLab !\n\t\t<\/span><\/div>","aioseo_breadcrumb_json":[{"label":"Domicile","link":"https:\/\/latelierdemalauzat.fr"},{"label":"C&rsquo;est la rentr\u00e9e au FabLab !","link":"https:\/\/latelierdemalauzat.fr\/"}],"_links":{"self":[{"href":"https:\/\/latelierdemalauzat.fr\/index.php\/wp-json\/wp\/v2\/pages\/17","targetHints":{"allow":["GET"]}}],"collection":[{"href":"https:\/\/latelierdemalauzat.fr\/index.php\/wp-json\/wp\/v2\/pages"}],"about":[{"href":"https:\/\/latelierdemalauzat.fr\/index.php\/wp-json\/wp\/v2\/types\/page"}],"author":[{"embeddable":true,"href":"https:\/\/latelierdemalauzat.fr\/index.php\/wp-json\/wp\/v2\/users\/1"}],"replies":[{"embeddable":true,"href":"https:\/\/latelierdemalauzat.fr\/index.php\/wp-json\/wp\/v2\/comments?post=17"}],"version-history":[{"count":17,"href":"https:\/\/latelierdemalauzat.fr\/index.php\/wp-json\/wp\/v2\/pages\/17\/revisions"}],"predecessor-version":[{"id":1487,"href":"https:\/\/latelierdemalauzat.fr\/index.php\/wp-json\/wp\/v2\/pages\/17\/revisions\/1487"}],"wp:attachment":[{"href":"https:\/\/latelierdemalauzat.fr\/index.php\/wp-json\/wp\/v2\/media?parent=17"}],"curies":[{"name":"wp","href":"https:\/\/api.w.org\/{rel}","templated":true}]}}